{"id":178,"date":"2022-10-14T09:48:31","date_gmt":"2022-10-14T07:48:31","guid":{"rendered":"https:\/\/legadoancestral.com\/?page_id=178"},"modified":"2023-08-09T09:17:19","modified_gmt":"2023-08-09T07:17:19","slug":"nosotros","status":"publish","type":"page","link":"https:\/\/legadoancestral.com\/en\/nosotros\/","title":{"rendered":"Nosotros"},"content":{"rendered":"<div data-elementor-type=\"wp-page\" data-elementor-id=\"178\" class=\"elementor elementor-178\" data-elementor-post-type=\"page\">\n\t\t\t\t<div class=\"elementor-element elementor-element-d995347 e-con-full fc-container-padding e-flex e-con e-parent\" data-id=\"d995347\" data-element_type=\"container\" data-e-type=\"container\">\n\t\t<div class=\"elementor-element elementor-element-04fd52b e-flex e-con-boxed e-con e-parent\" data-id=\"04fd52b\" data-element_type=\"container\" data-e-type=\"container\">\n\t\t\t\t\t<div class=\"e-con-inner\">\n\t\t\t\t<div class=\"elementor-element elementor-element-cf01421 elementor-widget elementor-widget-heading\" data-id=\"cf01421\" data-element_type=\"widget\" data-e-type=\"widget\" data-widget_type=\"heading.default\">\n\t\t\t\t<div class=\"elementor-widget-container\">\n\t\t\t\t\t<div class=\"elementor-heading-title elementor-size-default\">El Legado Ancestral<\/div>\t\t\t\t<\/div>\n\t\t\t\t<\/div>\n\t\t\t\t<div class=\"elementor-element elementor-element-b6beb83 elementor-widget elementor-widget-heading\" data-id=\"b6beb83\" data-element_type=\"widget\" data-e-type=\"widget\" data-widget_type=\"heading.default\">\n\t\t\t\t<div class=\"elementor-widget-container\">\n\t\t\t\t\t<h1 class=\"elementor-heading-title elementor-size-default\">Una bodega en el coraz\u00f3n del vino<\/h1>\t\t\t\t<\/div>\n\t\t\t\t<\/div>\n\t\t\t\t<div class=\"elementor-element elementor-element-3d7fa6c elementor-widget elementor-widget-text-editor\" data-id=\"3d7fa6c\" data-element_type=\"widget\" data-e-type=\"widget\" data-widget_type=\"text-editor.default\">\n\t\t\t\t<div class=\"elementor-widget-container\">\n\t\t\t\t\t\t\t\t\t<p>El proyecto del Legado, nace de la inquietud de la familia por revivir parte de la historia de Cenicero.<\/p>\t\t\t\t\t\t\t\t<\/div>\n\t\t\t\t<\/div>\n\t\t\t\t<div class=\"elementor-element elementor-element-84a9566 elementor-widget elementor-widget-spacer\" data-id=\"84a9566\" data-element_type=\"widget\" data-e-type=\"widget\" data-widget_type=\"spacer.default\">\n\t\t\t\t<div class=\"elementor-widget-container\">\n\t\t\t\t\t\t\t<div class=\"elementor-spacer\">\n\t\t\t<div class=\"elementor-spacer-inner\"><\/div>\n\t\t<\/div>\n\t\t\t\t\t\t<\/div>\n\t\t\t\t<\/div>\n\t\t\t\t<div class=\"elementor-element elementor-element-621507f fc-boton-simple elementor-widget elementor-widget-button\" data-id=\"621507f\" data-element_type=\"widget\" data-e-type=\"widget\" data-widget_type=\"button.default\">\n\t\t\t\t<div class=\"elementor-widget-container\">\n\t\t\t\t\t\t\t\t\t<div class=\"elementor-button-wrapper\">\n\t\t\t\t\t<a class=\"elementor-button elementor-button-link elementor-size-md\" href=\"https:\/\/legadoancestral.com\/en\/enoturismo\/\">\n\t\t\t\t\t\t<span class=\"elementor-button-content-wrapper\">\n\t\t\t\t\t\t\t\t\t<span class=\"elementor-button-text\">Descubre nuestras actividades<\/span>\n\t\t\t\t\t<\/span>\n\t\t\t\t\t<\/a>\n\t\t\t\t<\/div>\n\t\t\t\t\t\t\t\t<\/div>\n\t\t\t\t<\/div>\n\t\t\t\t\t<\/div>\n\t\t\t\t<\/div>\n\t\t\t\t<\/div>\n\t\t<div class=\"elementor-element elementor-element-68f5fdc e-flex e-con-boxed e-con e-parent\" data-id=\"68f5fdc\" data-element_type=\"container\" data-e-type=\"container\">\n\t\t\t\t\t<div class=\"e-con-inner\">\n\t\t\t\t<div class=\"elementor-element elementor-element-cba6e2e elementor-widget elementor-widget-image\" data-id=\"cba6e2e\" data-element_type=\"widget\" data-e-type=\"widget\" data-widget_type=\"image.default\">\n\t\t\t\t<div class=\"elementor-widget-container\">\n\t\t\t\t\t\t\t\t\t\t\t\t\t\t\t<img fetchpriority=\"high\" decoding=\"async\" width=\"1650\" height=\"740\" src=\"https:\/\/legadoancestral.com\/wp-content\/uploads\/2023\/08\/legado-nosotros-barricas.jpg\" class=\"attachment-full size-full wp-image-1518\" alt=\"Barricas de El Legado\" srcset=\"https:\/\/legadoancestral.com\/wp-content\/uploads\/2023\/08\/legado-nosotros-barricas.jpg 1650w, https:\/\/legadoancestral.com\/wp-content\/uploads\/2023\/08\/legado-nosotros-barricas-300x135.jpg 300w, https:\/\/legadoancestral.com\/wp-content\/uploads\/2023\/08\/legado-nosotros-barricas-1024x459.jpg 1024w, https:\/\/legadoancestral.com\/wp-content\/uploads\/2023\/08\/legado-nosotros-barricas-768x344.jpg 768w, https:\/\/legadoancestral.com\/wp-content\/uploads\/2023\/08\/legado-nosotros-barricas-18x8.jpg 18w\" sizes=\"(max-width: 1650px) 100vw, 1650px\" \/>\t\t\t\t\t\t\t\t\t\t\t\t\t\t\t<\/div>\n\t\t\t\t<\/div>\n\t\t\t\t\t<\/div>\n\t\t\t\t<\/div>\n\t\t<div class=\"elementor-element elementor-element-36faf0f e-con-full fc-container-padding e-flex e-con e-parent\" data-id=\"36faf0f\" data-element_type=\"container\" data-e-type=\"container\" data-settings=\"{&quot;background_background&quot;:&quot;classic&quot;}\">\n\t\t<div class=\"elementor-element elementor-element-578abb4 e-flex e-con-boxed e-con e-parent\" data-id=\"578abb4\" data-element_type=\"container\" data-e-type=\"container\">\n\t\t\t\t\t<div class=\"e-con-inner\">\n\t\t<div class=\"elementor-element elementor-element-6a66861 fc-container-col e-flex e-con-boxed e-con e-parent\" data-id=\"6a66861\" data-element_type=\"container\" data-e-type=\"container\">\n\t\t\t\t\t<div class=\"e-con-inner\">\n\t\t\t\t<div class=\"elementor-element elementor-element-abf95f2 elementor-widget elementor-widget-heading\" data-id=\"abf95f2\" data-element_type=\"widget\" data-e-type=\"widget\" data-widget_type=\"heading.default\">\n\t\t\t\t<div class=\"elementor-widget-container\">\n\t\t\t\t\t<div class=\"elementor-heading-title elementor-size-default\">Vis\u00edtanos<\/div>\t\t\t\t<\/div>\n\t\t\t\t<\/div>\n\t\t\t\t<div class=\"elementor-element elementor-element-f4bd646 elementor-widget elementor-widget-heading\" data-id=\"f4bd646\" data-element_type=\"widget\" data-e-type=\"widget\" data-widget_type=\"heading.default\">\n\t\t\t\t<div class=\"elementor-widget-container\">\n\t\t\t\t\t<h2 class=\"elementor-heading-title elementor-size-default\">Una joya enol\u00f3gica en La Rioja<\/h2>\t\t\t\t<\/div>\n\t\t\t\t<\/div>\n\t\t\t\t\t<\/div>\n\t\t\t\t<\/div>\n\t\t<div class=\"elementor-element elementor-element-cd692f2 fc-container-col e-flex e-con-boxed e-con e-parent\" data-id=\"cd692f2\" data-element_type=\"container\" data-e-type=\"container\">\n\t\t\t\t\t<div class=\"e-con-inner\">\n\t\t\t\t<div class=\"elementor-element elementor-element-5c96435 elementor-widget elementor-widget-text-editor\" data-id=\"5c96435\" data-element_type=\"widget\" data-e-type=\"widget\" data-widget_type=\"text-editor.default\">\n\t\t\t\t<div class=\"elementor-widget-container\">\n\t\t\t\t\t\t\t\t\t<p>Hasta 1988 los calados, cuya construcci\u00f3n se inici\u00f3 en el siglo XV, eran el lugar donde se elaboraba el vino, participaban todos en su preparaci\u00f3n, el pueblo ol\u00eda a vino, el olor a uva fermentada lo impregnaba todo.<\/p>\t\t\t\t\t\t\t\t<\/div>\n\t\t\t\t<\/div>\n\t\t\t\t<div class=\"elementor-element elementor-element-aca23d4 elementor-widget elementor-widget-spacer\" data-id=\"aca23d4\" data-element_type=\"widget\" data-e-type=\"widget\" data-widget_type=\"spacer.default\">\n\t\t\t\t<div class=\"elementor-widget-container\">\n\t\t\t\t\t\t\t<div class=\"elementor-spacer\">\n\t\t\t<div class=\"elementor-spacer-inner\"><\/div>\n\t\t<\/div>\n\t\t\t\t\t\t<\/div>\n\t\t\t\t<\/div>\n\t\t\t\t<div class=\"elementor-element elementor-element-b3a41c8 fc-boton-simple elementor-widget elementor-widget-button\" data-id=\"b3a41c8\" data-element_type=\"widget\" data-e-type=\"widget\" data-widget_type=\"button.default\">\n\t\t\t\t<div class=\"elementor-widget-container\">\n\t\t\t\t\t\t\t\t\t<div class=\"elementor-button-wrapper\">\n\t\t\t\t\t<a class=\"elementor-button elementor-button-link elementor-size-md\" href=\"https:\/\/legadoancestral.com\/en\/contacto\/\">\n\t\t\t\t\t\t<span class=\"elementor-button-content-wrapper\">\n\t\t\t\t\t\t\t\t\t<span class=\"elementor-button-text\">Quiero visitaros<\/span>\n\t\t\t\t\t<\/span>\n\t\t\t\t\t<\/a>\n\t\t\t\t<\/div>\n\t\t\t\t\t\t\t\t<\/div>\n\t\t\t\t<\/div>\n\t\t\t\t\t<\/div>\n\t\t\t\t<\/div>\n\t\t\t\t\t<\/div>\n\t\t\t\t<\/div>\n\t\t\t\t<\/div>\n\t\t<div class=\"elementor-element elementor-element-70912a8 e-con-full fc-container-padding e-flex e-con e-parent\" data-id=\"70912a8\" data-element_type=\"container\" data-e-type=\"container\" data-settings=\"{&quot;background_background&quot;:&quot;classic&quot;}\">\n\t\t<div class=\"elementor-element elementor-element-ed7b267 e-flex e-con-boxed e-con e-parent\" data-id=\"ed7b267\" data-element_type=\"container\" data-e-type=\"container\">\n\t\t\t\t\t<div class=\"e-con-inner\">\n\t\t<div class=\"elementor-element elementor-element-8703ad6 fc-container-col e-flex e-con-boxed e-con e-parent\" data-id=\"8703ad6\" data-element_type=\"container\" data-e-type=\"container\">\n\t\t\t\t\t<div class=\"e-con-inner\">\n\t\t\t\t<div class=\"elementor-element elementor-element-506b5d9 elementor-widget elementor-widget-image\" data-id=\"506b5d9\" data-element_type=\"widget\" data-e-type=\"widget\" data-widget_type=\"image.default\">\n\t\t\t\t<div class=\"elementor-widget-container\">\n\t\t\t\t\t\t\t\t\t\t\t\t\t\t\t<img decoding=\"async\" width=\"800\" height=\"740\" src=\"https:\/\/legadoancestral.com\/wp-content\/uploads\/2023\/08\/legado-nosotros-somos-agricultores.jpg\" class=\"attachment-full size-full wp-image-1532\" alt=\"\u00c1ngel paseando por el vi\u00f1edo\" srcset=\"https:\/\/legadoancestral.com\/wp-content\/uploads\/2023\/08\/legado-nosotros-somos-agricultores.jpg 800w, https:\/\/legadoancestral.com\/wp-content\/uploads\/2023\/08\/legado-nosotros-somos-agricultores-300x278.jpg 300w, https:\/\/legadoancestral.com\/wp-content\/uploads\/2023\/08\/legado-nosotros-somos-agricultores-768x710.jpg 768w, https:\/\/legadoancestral.com\/wp-content\/uploads\/2023\/08\/legado-nosotros-somos-agricultores-13x12.jpg 13w\" sizes=\"(max-width: 800px) 100vw, 800px\" \/>\t\t\t\t\t\t\t\t\t\t\t\t\t\t\t<\/div>\n\t\t\t\t<\/div>\n\t\t\t\t\t<\/div>\n\t\t\t\t<\/div>\n\t\t<div class=\"elementor-element elementor-element-5589359 fc-container-col e-flex e-con-boxed e-con e-parent\" data-id=\"5589359\" data-element_type=\"container\" data-e-type=\"container\">\n\t\t\t\t\t<div class=\"e-con-inner\">\n\t\t\t\t<div class=\"elementor-element elementor-element-533b416 elementor-widget elementor-widget-heading\" data-id=\"533b416\" data-element_type=\"widget\" data-e-type=\"widget\" data-widget_type=\"heading.default\">\n\t\t\t\t<div class=\"elementor-widget-container\">\n\t\t\t\t\t<h2 class=\"elementor-heading-title elementor-size-default\">Somos agricultores<\/h2>\t\t\t\t<\/div>\n\t\t\t\t<\/div>\n\t\t\t\t<div class=\"elementor-element elementor-element-30b230a elementor-widget elementor-widget-text-editor\" data-id=\"30b230a\" data-element_type=\"widget\" data-e-type=\"widget\" data-widget_type=\"text-editor.default\">\n\t\t\t\t<div class=\"elementor-widget-container\">\n\t\t\t\t\t\t\t\t\t<p>Vivimos del cultivo de la vid y amamos la tierra y el territorio. El nuestro es un proyecto de vida, una ilusi\u00f3n, el legado para nuestros hijos para que puedan vivir en nuestro pueblo, Cenicero. Estamos orgullosos de conservar nuestro patrimonio y nuestra forma de vida unida a un medioambiente sostenible, rico y diverso.<\/p>\t\t\t\t\t\t\t\t<\/div>\n\t\t\t\t<\/div>\n\t\t<div class=\"elementor-element elementor-element-4149c74 e-flex e-con-boxed e-con e-parent\" data-id=\"4149c74\" data-element_type=\"container\" data-e-type=\"container\">\n\t\t\t\t\t<div class=\"e-con-inner\">\n\t\t\t\t<div class=\"elementor-element elementor-element-7447264 fc-boton-simple elementor-widget elementor-widget-button\" data-id=\"7447264\" data-element_type=\"widget\" data-e-type=\"widget\" data-widget_type=\"button.default\">\n\t\t\t\t<div class=\"elementor-widget-container\">\n\t\t\t\t\t\t\t\t\t<div class=\"elementor-button-wrapper\">\n\t\t\t\t\t<a class=\"elementor-button elementor-button-link elementor-size-md\" href=\"https:\/\/legadoancestral.com\/en\/enoturismo\/\">\n\t\t\t\t\t\t<span class=\"elementor-button-content-wrapper\">\n\t\t\t\t\t\t\t\t\t<span class=\"elementor-button-text\">Ver visitas<\/span>\n\t\t\t\t\t<\/span>\n\t\t\t\t\t<\/a>\n\t\t\t\t<\/div>\n\t\t\t\t\t\t\t\t<\/div>\n\t\t\t\t<\/div>\n\t\t\t\t\t<\/div>\n\t\t\t\t<\/div>\n\t\t\t\t\t<\/div>\n\t\t\t\t<\/div>\n\t\t\t\t\t<\/div>\n\t\t\t\t<\/div>\n\t\t\t\t<\/div>\n\t\t<div class=\"elementor-element elementor-element-9014bea e-con-full fc-container-padding e-flex e-con e-parent\" data-id=\"9014bea\" data-element_type=\"container\" data-e-type=\"container\" data-settings=\"{&quot;background_background&quot;:&quot;classic&quot;}\">\n\t\t<div class=\"elementor-element elementor-element-cfab2fb e-flex e-con-boxed e-con e-parent\" data-id=\"cfab2fb\" data-element_type=\"container\" data-e-type=\"container\">\n\t\t\t\t\t<div class=\"e-con-inner\">\n\t\t<div class=\"elementor-element elementor-element-ea4c096 fc-container-col e-flex e-con-boxed e-con e-parent\" data-id=\"ea4c096\" data-element_type=\"container\" data-e-type=\"container\">\n\t\t\t\t\t<div class=\"e-con-inner\">\n\t\t\t\t<div class=\"elementor-element elementor-element-452a5ac elementor-widget elementor-widget-image\" data-id=\"452a5ac\" data-element_type=\"widget\" data-e-type=\"widget\" data-widget_type=\"image.default\">\n\t\t\t\t<div class=\"elementor-widget-container\">\n\t\t\t\t\t\t\t\t\t\t\t\t\t\t\t<img decoding=\"async\" width=\"800\" height=\"740\" src=\"https:\/\/legadoancestral.com\/wp-content\/uploads\/2023\/08\/legado-nosotros-apasionados.jpg\" class=\"attachment-full size-full wp-image-1539\" alt=\"Detalle de plantado de la vid\" srcset=\"https:\/\/legadoancestral.com\/wp-content\/uploads\/2023\/08\/legado-nosotros-apasionados.jpg 800w, https:\/\/legadoancestral.com\/wp-content\/uploads\/2023\/08\/legado-nosotros-apasionados-300x278.jpg 300w, https:\/\/legadoancestral.com\/wp-content\/uploads\/2023\/08\/legado-nosotros-apasionados-768x710.jpg 768w, https:\/\/legadoancestral.com\/wp-content\/uploads\/2023\/08\/legado-nosotros-apasionados-13x12.jpg 13w\" sizes=\"(max-width: 800px) 100vw, 800px\" \/>\t\t\t\t\t\t\t\t\t\t\t\t\t\t\t<\/div>\n\t\t\t\t<\/div>\n\t\t\t\t\t<\/div>\n\t\t\t\t<\/div>\n\t\t<div class=\"elementor-element elementor-element-a08e941 fc-container-col e-flex e-con-boxed e-con e-parent\" data-id=\"a08e941\" data-element_type=\"container\" data-e-type=\"container\">\n\t\t\t\t\t<div class=\"e-con-inner\">\n\t\t\t\t<div class=\"elementor-element elementor-element-550d596 elementor-widget elementor-widget-heading\" data-id=\"550d596\" data-element_type=\"widget\" data-e-type=\"widget\" data-widget_type=\"heading.default\">\n\t\t\t\t<div class=\"elementor-widget-container\">\n\t\t\t\t\t<h2 class=\"elementor-heading-title elementor-size-default\">Apasionados por el vino<\/h2>\t\t\t\t<\/div>\n\t\t\t\t<\/div>\n\t\t\t\t<div class=\"elementor-element elementor-element-8b3e853 elementor-widget elementor-widget-text-editor\" data-id=\"8b3e853\" data-element_type=\"widget\" data-e-type=\"widget\" data-widget_type=\"text-editor.default\">\n\t\t\t\t<div class=\"elementor-widget-container\">\n\t\t\t\t\t\t\t\t\t<p>Cuando visites nuestros calados es lo que vas a encontrar, amor y pasi\u00f3n por ense\u00f1arte de forma amena y divertida nuestra cultura del vino, la de verdad, la que evolucion\u00f3 y se convirti\u00f3 en una de las denominaciones de origen m\u00e1s respetadas del mundo.<\/p>\t\t\t\t\t\t\t\t<\/div>\n\t\t\t\t<\/div>\n\t\t<div class=\"elementor-element elementor-element-5b95a26 e-flex e-con-boxed e-con e-parent\" data-id=\"5b95a26\" data-element_type=\"container\" data-e-type=\"container\">\n\t\t\t\t\t<div class=\"e-con-inner\">\n\t\t\t\t<div class=\"elementor-element elementor-element-00605ba fc-boton-simple elementor-widget elementor-widget-button\" data-id=\"00605ba\" data-element_type=\"widget\" data-e-type=\"widget\" data-widget_type=\"button.default\">\n\t\t\t\t<div class=\"elementor-widget-container\">\n\t\t\t\t\t\t\t\t\t<div class=\"elementor-button-wrapper\">\n\t\t\t\t\t<a class=\"elementor-button elementor-button-link elementor-size-md\" href=\"https:\/\/legadoancestral.com\/en\/enoturismo\/\">\n\t\t\t\t\t\t<span class=\"elementor-button-content-wrapper\">\n\t\t\t\t\t\t\t\t\t<span class=\"elementor-button-text\">Ver visitas<\/span>\n\t\t\t\t\t<\/span>\n\t\t\t\t\t<\/a>\n\t\t\t\t<\/div>\n\t\t\t\t\t\t\t\t<\/div>\n\t\t\t\t<\/div>\n\t\t\t\t\t<\/div>\n\t\t\t\t<\/div>\n\t\t\t\t\t<\/div>\n\t\t\t\t<\/div>\n\t\t\t\t\t<\/div>\n\t\t\t\t<\/div>\n\t\t\t\t<\/div>\n\t\t<div class=\"elementor-element elementor-element-b5f33bc e-flex e-con-boxed e-con e-parent\" data-id=\"b5f33bc\" data-element_type=\"container\" data-e-type=\"container\">\n\t\t\t\t\t<div class=\"e-con-inner\">\n\t\t<div class=\"elementor-element elementor-element-3348724 fc-container-padding-l e-flex e-con-boxed e-con e-parent\" data-id=\"3348724\" data-element_type=\"container\" data-e-type=\"container\" data-settings=\"{&quot;background_background&quot;:&quot;classic&quot;}\">\n\t\t\t\t\t<div class=\"e-con-inner\">\n\t\t<div class=\"elementor-element elementor-element-f6ce3a0 e-flex e-con-boxed e-con e-parent\" data-id=\"f6ce3a0\" data-element_type=\"container\" data-e-type=\"container\">\n\t\t\t\t\t<div class=\"e-con-inner\">\n\t\t\t\t<div class=\"elementor-element elementor-element-18b3fa4 elementor-widget elementor-widget-heading\" data-id=\"18b3fa4\" data-element_type=\"widget\" data-e-type=\"widget\" data-widget_type=\"heading.default\">\n\t\t\t\t<div class=\"elementor-widget-container\">\n\t\t\t\t\t<h2 class=\"elementor-heading-title elementor-size-default\">Un lugar con encanto<\/h2>\t\t\t\t<\/div>\n\t\t\t\t<\/div>\n\t\t\t\t<div class=\"elementor-element elementor-element-11fe3f0 elementor-widget elementor-widget-text-editor\" data-id=\"11fe3f0\" data-element_type=\"widget\" data-e-type=\"widget\" data-widget_type=\"text-editor.default\">\n\t\t\t\t<div class=\"elementor-widget-container\">\n\t\t\t\t\t\t\t\t\t<p>No es casualidad que Cenicero sea el centro del valle del Rioja, que sus bodegas y vinos sean reconocidos en todo el mundo y sus viticultores practiquen t\u00e9cnicas de cultivo que priman la calidad frente a la cantidad.<\/p>\t\t\t\t\t\t\t\t<\/div>\n\t\t\t\t<\/div>\n\t\t\t\t\t<\/div>\n\t\t\t\t<\/div>\n\t\t<div class=\"elementor-element elementor-element-3dcd47a e-flex e-con-boxed e-con e-parent\" data-id=\"3dcd47a\" data-element_type=\"container\" data-e-type=\"container\">\n\t\t\t\t\t<div class=\"e-con-inner\">\n\t\t\t\t<div class=\"elementor-element elementor-element-156b84f elementor-widget elementor-widget-text-editor\" data-id=\"156b84f\" data-element_type=\"widget\" data-e-type=\"widget\" data-widget_type=\"text-editor.default\">\n\t\t\t\t<div class=\"elementor-widget-container\">\n\t\t\t\t\t\t\t\t\t<p>Esta localidad se encuentra en un entorno privilegiado en cuanto a su clima, su tierra y el buen saber hacer de sus agricultores y por ello es un lugar \u00fanico en el mundo donde ya en el siglo XV empezaron a construirse calados subterr\u00e1neos debajo de las casas para proteger su oro l\u00edquido.<\/p><p>Constructores, canteros y artesanos dise\u00f1aron y construyeron las bodegas subterr\u00e1neas que son el germen de esta denominaci\u00f3n de origen y que nosotros os ense\u00f1amos.<\/p>\t\t\t\t\t\t\t\t<\/div>\n\t\t\t\t<\/div>\n\t\t\t\t\t<\/div>\n\t\t\t\t<\/div>\n\t\t\t\t\t<\/div>\n\t\t\t\t<\/div>\n\t\t\t\t\t<\/div>\n\t\t\t\t<\/div>\n\t\t<div class=\"elementor-element elementor-element-d71d5be e-con-full fc-container-padding e-flex e-con e-parent\" data-id=\"d71d5be\" data-element_type=\"container\" data-e-type=\"container\">\n\t\t<div class=\"elementor-element elementor-element-ee3e4c1 e-flex e-con-boxed e-con e-parent\" data-id=\"ee3e4c1\" data-element_type=\"container\" data-e-type=\"container\">\n\t\t\t\t\t<div class=\"e-con-inner\">\n\t\t\t\t<div class=\"elementor-element elementor-element-724ad72 elementor-widget elementor-widget-heading\" data-id=\"724ad72\" data-element_type=\"widget\" data-e-type=\"widget\" data-widget_type=\"heading.default\">\n\t\t\t\t<div class=\"elementor-widget-container\">\n\t\t\t\t\t<h2 class=\"elementor-heading-title elementor-size-default\">Nuestro espacio<\/h2>\t\t\t\t<\/div>\n\t\t\t\t<\/div>\n\t\t\t\t<div class=\"elementor-element elementor-element-3edf96c elementor-widget elementor-widget-text-editor\" data-id=\"3edf96c\" data-element_type=\"widget\" data-e-type=\"widget\" data-widget_type=\"text-editor.default\">\n\t\t\t\t<div class=\"elementor-widget-container\">\n\t\t\t\t\t\t\t\t\t<p>El calado de catas, puede visitarse pero tambi\u00e9n lo alquilamos para eventos reducidos<\/p>\t\t\t\t\t\t\t\t<\/div>\n\t\t\t\t<\/div>\n\t\t\t\t<div class=\"elementor-element elementor-element-10e4658 fc-boton-simple elementor-widget elementor-widget-button\" data-id=\"10e4658\" data-element_type=\"widget\" data-e-type=\"widget\" data-widget_type=\"button.default\">\n\t\t\t\t<div class=\"elementor-widget-container\">\n\t\t\t\t\t\t\t\t\t<div class=\"elementor-button-wrapper\">\n\t\t\t\t\t<a class=\"elementor-button elementor-button-link elementor-size-md\" href=\"https:\/\/legadoancestral.com\/en\/galeria\/\">\n\t\t\t\t\t\t<span class=\"elementor-button-content-wrapper\">\n\t\t\t\t\t\t\t\t\t<span class=\"elementor-button-text\">Ver galer\u00eda<\/span>\n\t\t\t\t\t<\/span>\n\t\t\t\t\t<\/a>\n\t\t\t\t<\/div>\n\t\t\t\t\t\t\t\t<\/div>\n\t\t\t\t<\/div>\n\t\t<div class=\"elementor-element elementor-element-a9448d0 e-grid e-con-boxed e-con e-parent\" data-id=\"a9448d0\" data-element_type=\"container\" data-e-type=\"container\">\n\t\t\t\t\t<div class=\"e-con-inner\">\n\t\t\t\t<div class=\"elementor-element elementor-element-47a906b elementor-widget elementor-widget-image\" data-id=\"47a906b\" data-element_type=\"widget\" data-e-type=\"widget\" data-widget_type=\"image.default\">\n\t\t\t\t<div class=\"elementor-widget-container\">\n\t\t\t\t\t\t\t\t\t\t\t\t\t\t\t\t<a href=\"https:\/\/legadoancestral.com\/en\/galeria\/\">\n\t\t\t\t\t\t\t<img loading=\"lazy\" decoding=\"async\" width=\"520\" height=\"464\" src=\"https:\/\/legadoancestral.com\/wp-content\/uploads\/2023\/08\/legado-nosotros-espacio-1.jpg\" class=\"attachment-large size-large wp-image-1551\" alt=\"Detalle de barricas\" srcset=\"https:\/\/legadoancestral.com\/wp-content\/uploads\/2023\/08\/legado-nosotros-espacio-1.jpg 520w, https:\/\/legadoancestral.com\/wp-content\/uploads\/2023\/08\/legado-nosotros-espacio-1-300x268.jpg 300w, https:\/\/legadoancestral.com\/wp-content\/uploads\/2023\/08\/legado-nosotros-espacio-1-13x12.jpg 13w\" sizes=\"(max-width: 520px) 100vw, 520px\" \/>\t\t\t\t\t\t\t\t<\/a>\n\t\t\t\t\t\t\t\t\t\t\t\t\t\t\t<\/div>\n\t\t\t\t<\/div>\n\t\t\t\t<div class=\"elementor-element elementor-element-30dbef4 elementor-widget elementor-widget-image\" data-id=\"30dbef4\" data-element_type=\"widget\" data-e-type=\"widget\" data-widget_type=\"image.default\">\n\t\t\t\t<div class=\"elementor-widget-container\">\n\t\t\t\t\t\t\t\t\t\t\t\t\t\t\t\t<a href=\"https:\/\/legadoancestral.com\/en\/galeria\/\">\n\t\t\t\t\t\t\t<img loading=\"lazy\" decoding=\"async\" width=\"520\" height=\"464\" src=\"https:\/\/legadoancestral.com\/wp-content\/uploads\/2023\/08\/legado-nosotros-espacio-2.jpg\" class=\"attachment-large size-large wp-image-1552\" alt=\"Detalle de cepa con sus ra\u00edces\" srcset=\"https:\/\/legadoancestral.com\/wp-content\/uploads\/2023\/08\/legado-nosotros-espacio-2.jpg 520w, https:\/\/legadoancestral.com\/wp-content\/uploads\/2023\/08\/legado-nosotros-espacio-2-300x268.jpg 300w, https:\/\/legadoancestral.com\/wp-content\/uploads\/2023\/08\/legado-nosotros-espacio-2-13x12.jpg 13w\" sizes=\"(max-width: 520px) 100vw, 520px\" \/>\t\t\t\t\t\t\t\t<\/a>\n\t\t\t\t\t\t\t\t\t\t\t\t\t\t\t<\/div>\n\t\t\t\t<\/div>\n\t\t\t\t<div class=\"elementor-element elementor-element-1b115c6 elementor-widget elementor-widget-image\" data-id=\"1b115c6\" data-element_type=\"widget\" data-e-type=\"widget\" data-widget_type=\"image.default\">\n\t\t\t\t<div class=\"elementor-widget-container\">\n\t\t\t\t\t\t\t\t\t\t\t\t\t\t\t\t<a href=\"https:\/\/legadoancestral.com\/en\/galeria\/\">\n\t\t\t\t\t\t\t<img loading=\"lazy\" decoding=\"async\" width=\"520\" height=\"464\" src=\"https:\/\/legadoancestral.com\/wp-content\/uploads\/2023\/08\/legado-nosotros-espacio-3.jpg\" class=\"attachment-large size-large wp-image-1553\" alt=\"Mesa redonda con copas y platos de embutido\" srcset=\"https:\/\/legadoancestral.com\/wp-content\/uploads\/2023\/08\/legado-nosotros-espacio-3.jpg 520w, https:\/\/legadoancestral.com\/wp-content\/uploads\/2023\/08\/legado-nosotros-espacio-3-300x268.jpg 300w, https:\/\/legadoancestral.com\/wp-content\/uploads\/2023\/08\/legado-nosotros-espacio-3-13x12.jpg 13w\" sizes=\"(max-width: 520px) 100vw, 520px\" \/>\t\t\t\t\t\t\t\t<\/a>\n\t\t\t\t\t\t\t\t\t\t\t\t\t\t\t<\/div>\n\t\t\t\t<\/div>\n\t\t\t\t\t<\/div>\n\t\t\t\t<\/div>\n\t\t\t\t\t<\/div>\n\t\t\t\t<\/div>\n\t\t\t\t<\/div>\n\t\t\t\t<\/div>","protected":false},"excerpt":{"rendered":"<p>El Legado Ancestral Una bodega en el coraz\u00f3n del vino El proyecto del Legado, nace de la inquietud de la familia por revivir parte de la historia de Cenicero. Descubre nuestras actividades Vis\u00edtanos Una joya enol\u00f3gica en La Rioja Hasta 1988 los calados, cuya construcci\u00f3n se inici\u00f3 en el siglo XV, eran el lugar donde [&hellip;]<\/p>\n","protected":false},"author":1,"featured_media":0,"parent":0,"menu_order":2,"comment_status":"closed","ping_status":"closed","template":"","meta":{"_acf_changed":false,"footnotes":""},"class_list":["post-178","page","type-page","status-publish","hentry"],"acf":[],"_links":{"self":[{"href":"https:\/\/legadoancestral.com\/en\/wp-json\/wp\/v2\/pages\/178","targetHints":{"allow":["GET"]}}],"collection":[{"href":"https:\/\/legadoancestral.com\/en\/wp-json\/wp\/v2\/pages"}],"about":[{"href":"https:\/\/legadoancestral.com\/en\/wp-json\/wp\/v2\/types\/page"}],"author":[{"embeddable":true,"href":"https:\/\/legadoancestral.com\/en\/wp-json\/wp\/v2\/users\/1"}],"replies":[{"embeddable":true,"href":"https:\/\/legadoancestral.com\/en\/wp-json\/wp\/v2\/comments?post=178"}],"version-history":[{"count":194,"href":"https:\/\/legadoancestral.com\/en\/wp-json\/wp\/v2\/pages\/178\/revisions"}],"predecessor-version":[{"id":1878,"href":"https:\/\/legadoancestral.com\/en\/wp-json\/wp\/v2\/pages\/178\/revisions\/1878"}],"wp:attachment":[{"href":"https:\/\/legadoancestral.com\/en\/wp-json\/wp\/v2\/media?parent=178"}],"curies":[{"name":"wp","href":"https:\/\/api.w.org\/{rel}","templated":true}]}}